{"id":2,"date":"2024-06-26T20:29:15","date_gmt":"2024-06-26T18:29:15","guid":{"rendered":"http:\/\/localhost\/mhtt\/?page_id=2"},"modified":"2024-10-10T15:09:52","modified_gmt":"2024-10-10T13:09:52","slug":"tarsasag-tagsag","status":"publish","type":"page","link":"https:\/\/mhtt.mhttp.hu\/index.php\/tarsasag-tagsag\/","title":{"rendered":"T\u00c1RSAS\u00c1G | TAGS\u00c1G"},"content":{"rendered":"\n<p class=\"has-contrast-color has-text-color has-link-color wp-elements-4c64ccf94f52843b96e5b52ce8dd38a1\" style=\"font-size:clamp(14px, 0.875rem + ((1vw - 3.2px) * 0.172), 15px);\"><br><strong>Bemutatkoz\u00e1s<\/strong><br><br>A Magyar Hadtudom\u00e1nyi T\u00e1rsas\u00e1g (MHTT) a rendszerv\u00e1ltoz\u00e1s ut\u00e1n, 1990-ben j\u00f6tt l\u00e9tre. Megalakul\u00e1skor a T\u00e1rsas\u00e1g a hadtudom\u00e1ny fejl\u0151d\u00e9s\u00e9nek szolg\u00e1lat\u00e1t, a katonai biztons\u00e1g probl\u00e9m\u00e1inak tudom\u00e1nyos vizsg\u00e1lat\u00e1t, a tudom\u00e1nyos eredm\u00e9nyek gyakorlatba val\u00f3 \u00e1t\u00fcltet\u00e9s\u00e9t, valamint a hadtudom\u00e1nnyal \u00e9s a kapcsol\u00f3d\u00f3 tudom\u00e1nyter\u00fcletekkel foglalkoz\u00f3 szakemberek \u00f6sszefog\u00e1s\u00e1t t\u0171zte ki c\u00e9lul. Mindezek szellem\u00e9ben a T\u00e1rsas\u00e1g f\u00f3rumot biztos\u00edt a T\u00e1rsas\u00e1g tagjainak ismereteik b\u0151v\u00edt\u00e9s\u00e9re, kutat\u00e1saik seg\u00edt\u00e9s\u00e9re, szakmai eredm\u00e9nyeik terjeszt\u00e9s\u00e9re, publik\u00e1l\u00e1s\u00e1ra, \u00e9rdekeik v\u00e9delm\u00e9re, tov\u00e1bb\u00e1 a nemzeti hadtudom\u00e1ny hagyom\u00e1nyainak \u00e1pol\u00e1s\u00e1ra.<br><br>A megalakul\u00e1skor meghat\u00e1rozott c\u00e9lkit\u0171z\u00e9sek ma is \u00e9rv\u00e9nyesek, b\u00e1r az\u00f3ta jelent\u0151sen megv\u00e1ltozott a vil\u00e1g. A T\u00e1rsas\u00e1g 2020-ban \u00fcnnepli fenn\u00e1ll\u00e1s\u00e1nak 30. sz\u00fclet\u00e9snapj\u00e1t, amelyre \u00faj elk\u00e9pzel\u00e9sekkel \u00e9s tervekkel k\u00e9sz\u00fcl\u00fcnk. Olyan id\u0151szakban v\u00e9gezhetj\u00fck munk\u00e1nkat, amikor meg\u00fajul a hader\u0151, \u00faj, korszer\u0171, haditechnikai eszk\u00f6z\u00f6k ker\u00fclnek be a Honv\u00e9ds\u00e9gbe. A moderniz\u00e1ci\u00f3 nem n\u00e9lk\u00fcl\u00f6zheti az innovat\u00edv gondolatokat, tudom\u00e1nyos eredm\u00e9nyeket, nemzetk\u00f6zi tapasztalatokat. A Zr\u00ednyi-2026 honv\u00e9delmi \u00e9s hader\u0151fejleszt\u00e9si program a T\u00e1rsas\u00e1gnak is \u00faj feladatokat ad: seg\u00edteni kell az \u00e1talak\u00edt\u00e1st tudom\u00e1nyos eszk\u00f6z\u00f6kkel, magyar\u00e1zni kell a t\u00f6rt\u00e9n\u00e9seket, \u00f6sszef\u00fcgg\u00e9seket, szakszer\u0171 v\u00e1laszt kell adni a k\u00e9rd\u00e9sekre. J\u00f3 \u00e9rtelemben vett tudom\u00e1nyos ismeretterjeszt\u00e9sre van sz\u00fcks\u00e9g!<br><br>2019. m\u00e1rcius 22-\u00e9n megv\u00e1lasztott \u00faj vezet\u00e9s kedvez\u0151 id\u0151pontban kezdi meg munk\u00e1j\u00e1t. A Honv\u00e9delmi Miniszt\u00e9rium szervezeti \u00e1talak\u00edt\u00e1sa, a Magyar Honv\u00e9ds\u00e9g Parancsnoks\u00e1g\u00e1nak megalakul\u00e1sa minden k\u00e9rd\u00e9s \u00fajszer\u0171 megk\u00f6zel\u00edt\u00e9s\u00e9t ig\u00e9nyli, amihez a Magyar Hadtudom\u00e1nyi T\u00e1rsas\u00e1g partner szeretne lenni. A T\u00e1rsas\u00e1gnak r\u00e9g\u00f3ta vannak elk\u00e9pzel\u00e9sei arr\u00f3l, hogy milyen lehetne egy ide\u00e1lis egy\u00fcttm\u0171k\u00f6d\u00e9s a honv\u00e9delmi t\u00e1rc\u00e1val \u00e9s a nemzeti hader\u0151vel. Proakt\u00edvnak, kezdem\u00e9nyez\u0151nek \u00e9s hasznosnak kell lenn\u00fcnk, hogy megval\u00f3s\u00edthassuk ezeket az elk\u00e9pzel\u00e9seket. Az \u00faj honv\u00e9delmi vezet\u00e9sben partnerre tal\u00e1ltunk. Egyik nagy kih\u00edv\u00e1sunk ebben az \u00e9vben, hogy a tudom\u00e1nyos munka \u00e9s ismeretterjeszt\u00e9s eszk\u00f6zeivel m\u00e9lt\u00f3 m\u00f3don hozz\u00e1j\u00e1ruljunk a NATO tags\u00e1gunk 20. \u00e9s az Eur\u00f3pai Uni\u00f3s tags\u00e1gunk 15. \u00e9vfordul\u00f3j\u00e1hoz. El\u0151ad\u00e1sokra, elemz\u00e9sekre, ismeretterjeszt\u0151 anyagokra lesz sz\u00fcks\u00e9g, amely a civil nyilv\u00e1noss\u00e1g fel\u00e9 is bemutatja e nemzetk\u00f6zi szervezetek fontoss\u00e1g\u00e1t, helyzet\u00e9t, feladatait, hozz\u00e1j\u00e1rul\u00e1s\u00e1t haz\u00e1nk v\u00e9delm\u00e9hez, fejl\u0151d\u00e9s\u00e9hez \u00e9s boldogul\u00e1s\u00e1hoz.<br><br>A T\u00e1rsas\u00e1g relat\u00edve j\u00f3 helyzetben van: vannak mentoraink, van \u00faj elhelyez\u00e9s\u00fcnk, van szil\u00e1rd b\u00e1zisunk, t\u00e1maszkodhatunk r\u00e9gi-\u00faj partnereinkre, j\u00f3l bev\u00e1lt egy\u00fcttm\u0171k\u00f6d\u00e9si form\u00e1kra. Ezeket az \u00e9rt\u00e9keket meg kell \u0151rizn\u00fcnk \u00e9s er\u0151s\u00edten\u00fcnk kell, hogy optimist\u00e1k legy\u00fcnk a j\u00f6v\u0151t illet\u0151en. A T\u00e1rsas\u00e1g szolid anyagi b\u00e1zis\u00e1t az MHVK Alap\u00edtv\u00e1ny, a Honv\u00e9delmi Miniszt\u00e9rium, a Magyar Tudom\u00e1nyos Akad\u00e9mia, tagd\u00edjak \u00e9s t\u00e1mogat\u00e1sok biztos\u00edtj\u00e1k. A t\u00e1rsas\u00e1g \u201evez\u00e9rkara\u201d az elm\u00falt ciklusban \u00faj irod\u00e1kba, m\u00e9lt\u00f3 helyre k\u00f6lt\u00f6z\u00f6tt. A Nemzeti K\u00f6zszolg\u00e1lati Egyetem Hadtudom\u00e1nyi \u00e9s Honv\u00e9dtisztk\u00e9pz\u0151 Kara nemcsak intellektu\u00e1lis k\u00f6rnyezetet, hanem logisztikai \u00e9s infrastruktur\u00e1lis elhelyez\u00e9st is biztos\u00edt sz\u00e1munkra. A T\u00e1rsas\u00e1g k\u00e9t tucat szervezettel, egyes\u00fclettel, tan\u00e1ccsal, partnerrel dolgozik egy\u00fctt, akikre a j\u00f6v\u0151ben is sz\u00e1m\u00edthatunk. K\u00fcl\u00f6n\u00f6sen fontos meg\u00faj\u00edtanunk a kapcsolatokat az \u00e1tszervez\u00e9si id\u0151szak ut\u00e1n a HM \u00e9s MHP kutat\u00f3helyekkel, az \u00e1talakult MH Moderniz\u00e1ci\u00f3s Int\u00e9zettel.<br><br>Fontos feladatnak tekintj\u00fck a T\u00e1rsas\u00e1g tudom\u00e1nyos tev\u00e9kenys\u00e9g\u00e9nek er\u0151s\u00edt\u00e9s\u00e9t, amihez kutat\u00e1sokra \u00e9s projektekre van sz\u00fcks\u00e9g. Nyitnunk kell a civil tudom\u00e1nyos t\u00e1rsas\u00e1gok, egyes\u00fcletek \u00e9s szakmai sz\u00f6vets\u00e9gek fel\u00e9. A honv\u00e9delem \u00fcgye \u00f6sszt\u00e1rsadalmi \u00fcgy. Elengedhetetlen, hogy a T\u00e1rsas\u00e1g civil szervezetk\u00e9nt (is) sz\u00f3ljon a civil t\u00e1rsadalomhoz L\u00e1that\u00f3bbaknak kell lenn\u00fcnk a m\u00e9di\u00e1ban, er\u0151s\u00edteni kell a szak\u00e9rt\u0151i tev\u00e9kenys\u00e9g\u00fcnket. A T\u00e1rsas\u00e1g tudom\u00e1nyos f\u00f3rum\u00e1t tov\u00e1bbra is a Hadtudom\u00e1ny \u201eA\u201d kateg\u00f3ri\u00e1s foly\u00f3irat jelenti, amelynek friss\u00edteni kell rovat-szerkezet\u00e9t, sz\u00e9les\u00edteni szak\u00edr\u00f3i h\u00e1tter\u00e9t, a publik\u00e1lt t\u00e9mak\u00f6r\u00f6k aktualit\u00e1s\u00e1t. Az \u00e9v v\u00e9g\u00e9n megjelenik a Hadtudom\u00e1nyi Lexikon, amelynek kidolgoz\u00e1s\u00e1ban a T\u00e1rsas\u00e1g szak\u00e9rt\u0151i is r\u00e9szt vettek. Saj\u00e1tos civil szervezeti form\u00e1inkkal hozz\u00e1 kell j\u00e1rulnunk a lexikon k\u00f6zismertt\u00e9 v\u00e1l\u00e1s\u00e1hoz. A nemzetk\u00f6zi kapcsolatok ki\u00e9p\u00edt\u00e9s\u00e9hez jobban fel kell haszn\u00e1lnunk a NATO-ban \u00e9s az EU-ban dolgoz\u00f3 katonai \u00e9s civil szak\u00e9rt\u0151k kapcsolatait, egy\u00fcttm\u0171k\u00f6d\u00e9si \u00e9s partners\u00e9gi lehet\u0151s\u00e9geit, a HM, az MHP \u00e9s az NKE nemzetk\u00f6zi lehet\u0151s\u00e9geit.<br><br>Tiszt\u00e1ban vagyunk azzal, hogy a T\u00e1rsas\u00e1g c\u00e9ljai csak egy\u00fctt, \u00f6sszefog\u00e1ssal \u00e9s k\u00f6z\u00f6s akarattal val\u00f3s\u00edthat\u00f3k meg. Az elk\u00f6vetkezend\u0151 \u00e9vek kih\u00edv\u00e1sainak val\u00f3 megfelel\u00e9s, a feladatok megold\u00e1sa j\u00f3l szervezett, k\u00f6vetkezetes \u00e9s kitart\u00f3 munk\u00e1t ig\u00e9nyel. Ehhez k\u00e9rj\u00fck a T\u00e1rsas\u00e1g minden tagj\u00e1nak \u00e9s partnereinknek a t\u00e1mogat\u00e1s\u00e1t, \u00e9s h\u00edvjuk \u00e9s v\u00e1rjuk a honv\u00e9delem \u00fcgye ir\u00e1nt elk\u00f6telezett kutat\u00f3kat, \u00e9rdekl\u0151d\u0151ket.<br><br>Budapest, 2019. \u00e1prilis 3.<br><br>Prof. Dr. Szenes Zolt\u00e1n<br> eln\u00f6k<br><\/p>\n\n\n\n<hr class=\"wp-block-separator alignwide has-alpha-channel-opacity is-style-default\"\/>\n\n\n\n<p class=\"has-contrast-color has-text-color has-link-color wp-elements-4f37d38c713505bc70ae9c9e3e5b0f81\" style=\"font-size:clamp(14px, 0.875rem + ((1vw - 3.2px) * 0.172), 15px);\"><br><strong>A Magyar Hadtudom\u00e1nyi T\u00e1rsas\u00e1g (MHTT) c\u00e9lja \u00e9s m\u0171k\u00f6d\u00e9se<\/strong><br><br><strong>A Magyar Hadtudom\u00e1nyi T\u00e1rsas\u00e1got (MHTT)<\/strong> a hadtudom\u00e1ny m\u0171vel\u00e9s\u00e9ben \u00e9lenj\u00e1r\u00f3 \u00e9s ir\u00e1nta \u00e9rdekl\u0151d\u0151 szem\u00e9lyek 1990-ben alap\u00edtott\u00e1k azzal a c\u00e9llal, hogy \u00f6sszefogja e tudom\u00e1nyter\u00fclet szakembereinek tev\u00e9kenys\u00e9g\u00e9t. Az MHTT c\u00e9lja a magyar hadtudom\u00e1ny fejl\u0151d\u00e9s\u00e9nek el\u0151seg\u00edt\u00e9se, tagjainak \u00e9rdekk\u00e9pviselete, tov\u00e1bb\u00e1 a Magyar Tudom\u00e1nyos Akad\u00e9mia \u00e1ltal 1883-ban l\u00e9trehozott Hadtudom\u00e1nyi Bizotts\u00e1g szellemi \u00f6r\u00f6ks\u00e9g\u00e9nek a felv\u00e1llal\u00e1sa.<br><br><strong>Az MHTT c\u00e9ljai<\/strong><br><br><strong>Az MHTT c\u00e9lul t\u0171zte ki, hogy:<\/strong><br>a hadtudom\u00e1ny \u00e9s a hozz\u00e1 kapcsol\u00f3d\u00f3 m\u00e1s tudom\u00e1nyter\u00fcletek ir\u00e1nt \u00e9rdekl\u0151d\u0151 \u00e9s azzal tudom\u00e1nyos ig\u00e9nnyel foglalkoz\u00f3 vagy foglalkozni k\u00edv\u00e1n\u00f3 \u00e1llampolg\u00e1rok tev\u00e9kenys\u00e9g\u00e9t \u00f6sszefogja, seg\u00edtse a tudom\u00e1nyos eredm\u00e9nyek gyakorlatba t\u00f6rt\u00e9n\u0151 alkalmaz\u00e1s\u00e1t, biztos\u00edtsa tagjai r\u00e9sz\u00e9re a tudom\u00e1nyos tov\u00e1bbk\u00e9pz\u00e9st, f\u00f3rumot biztos\u00edtson a magyar hadtudom\u00e1ny eredm\u00e9nyeinek publik\u00e1l\u00e1s\u00e1hoz.<br><br><strong>Az MHTT tev\u00e9kenys\u00e9ge<\/strong><br><br><strong>A T\u00e1rsas\u00e1g c\u00e9ljainak el\u00e9r\u00e9se \u00e9rdek\u00e9ben az al\u00e1bbi tev\u00e9kenys\u00e9get fejti ki:<\/strong><br>Kongresszusokat, konferenci\u00e1kat szervez, vita\u00fcl\u00e9seket, klubd\u00e9lut\u00e1nokat tart, bemutat\u00f3kat, ki\u00e1ll\u00edt\u00e1sokat, valamint szakirodalmi t\u00e1j\u00e9koztat\u00f3kat szervez, r\u00e9szt vesz a hadtudom\u00e1nyi kutat\u00e1si, fejleszt\u00e9si \u00e9s oktat\u00e1si feladatok kidolgoz\u00e1s\u00e1ban, seg\u00edti ezek megold\u00e1s\u00e1t, seg\u00edts\u00e9get ny\u00fajt fiatal szakemberek tudom\u00e1nyos el\u0151menetel\u00e9hez, sz\u00e1mukra publik\u00e1l\u00e1si lehet\u0151s\u00e9get \u00e9s f\u00f3rumot biztos\u00edt, szakoszt\u00e1lyai \u00fatj\u00e1n kapcsolatot tart a hadiiparral, seg\u00edti a tudom\u00e1nyos eredm\u00e9nyek gyakorlatba t\u00f6rt\u00e9n\u0151 \u00e1t\u00fcltet\u00e9s\u00e9t, r\u00e9szt vesz a magyar hadiipar t\u00f6rt\u00e9net\u00e9nek feldolgoz\u00e1s\u00e1ban, hozz\u00e1j\u00e1rul hagyom\u00e1nyai \u00e9s technikai eml\u00e9keinek \u00e1pol\u00e1s\u00e1hoz,<br>a t\u00e1ras\u00e1g tagjai sz\u00e1m\u00e1ra publik\u00e1l\u00e1si lehet\u0151s\u00e9get biztos\u00edt a Hadtudom\u00e1ny c. foly\u00f3iratban, amelyet rendszeresen megjelentet, hozz\u00e1j\u00e1rul m\u00e1s tudom\u00e1nyos kiadv\u00e1nyok megjelen\u00e9s\u00e9hez, felk\u00e9r\u00e9s eset\u00e9n \u00e1llami \u00e9s t\u00e1rsadalmi szervezetek r\u00e9sz\u00e9re szakv\u00e9lem\u00e9nyt k\u00e9sz\u00edt, szakmai tov\u00e1bbk\u00e9pz\u00e9st, bel- \u00e9s k\u00fclf\u00f6ldi tanulm\u00e1nyutakat szervez, a tudom\u00e1nyos tev\u00e9kenys\u00e9g elismer\u00e9sek\u00e9nt \u00e9vente Tan\u00e1rki S\u00e1ndor d\u00edjat adom\u00e1nyoz, tudom\u00e1nyos p\u00e1ly\u00e1zatokat hirdet \u00e9s az arra \u00e9rdemeseket d\u00edjazza, tov\u00e1bb\u00e1 seg\u00edti tagjait m\u00e1s p\u00e1ly\u00e1zatok elnyer\u00e9s\u00e9ben \u00e9s az ezekkel kapcsolatos \u00fcgyek int\u00e9z\u00e9s\u00e9ben, kapcsolatokat \u00e9p\u00edt ki \u00e9s tart fenn \u00e1llami \u00e9s t\u00e1rsadalmi szervezetekkel, m\u00e1s tudom\u00e1nyter\u00fcleten tev\u00e9kenyked\u0151 int\u00e9zm\u00e9nyekkel \u00e9s egyes\u00fcletekkel, kapcsolatot l\u00e9tes\u00edt \u00e9s tart fenn k\u00fclf\u00f6ldi hadtudom\u00e1nyi szakmai egyes\u00fcletekkel \u00e9s sz\u00f6vets\u00e9gekkel, gazd\u00e1lkod\u00f3 szervek felk\u00e9r\u00e9s\u00e9re &#8211; d\u00edjaz\u00e1s ellen\u00e9ben &#8211; saj\u00e1t szakter\u00fclet\u00e9n szerz\u0151d\u00e9ses (megb\u00edz\u00e1sos) munk\u00e1kat v\u00e9gez.<br><br><strong>Az MHTT m\u0171k\u00f6d\u00e9se<\/strong><br><br>Az <strong>MHTT \u00e1llami szervekt\u0151l, politikai p\u00e1rtokt\u00f3l, mozgalmakt\u00f3l \u00e9s egy\u00e9b politikai csoportosul\u00e1sokt\u00f3l f\u00fcggetlen<\/strong> \u2013 b\u00edr\u00f3s\u00e1gi bejegyz\u00e9ssel elismert \u2013 civil \u2013 tudom\u00e1nyos &#8211; szakmai szervezet. A T\u00e1rsas\u00e1g legf\u0151bb d\u00f6nt\u00e9shoz\u00f3 szerve a k\u00fcld\u00f6ttgy\u0171l\u00e9s, amely \u00e9vente \u00fcl\u00e9sezik, a 2. tiszts\u00e9gvisel\u0151i ciklust k\u00f6vet\u0151en \u2013 illetve sz\u00fcks\u00e9g szerint &#8211; pedig megv\u00e1lasztja a T\u00e1rsas\u00e1g eln\u00f6k\u00e9t, \u00e1ltal\u00e1nos eln\u00f6khelyettes\u00e9t \u00e9s \u00f6t eln\u00f6khelyettes\u00e9t, a fel\u00fcgyel\u0151 bizotts\u00e1got \u00e9s az etikai bizotts\u00e1got. Az eln\u00f6ks\u00e9g k\u00e9t k\u00fcld\u00f6ttgy\u0171l\u00e9s k\u00f6z\u00f6tt v\u00e9gzi az MHTT ir\u00e1ny\u00edt\u00e1s\u00e1val kapcsolatos feladatokat. Az eln\u00f6k, az \u00e1ltal\u00e1nos eln\u00f6khelyettes \u00e9s az eln\u00f6khelyettesek, Eln\u00f6ki \u00c9rtekezlet keret\u00e9ben k\u00e9sz\u00edtik el\u0151 a soron k\u00f6vetkez\u0151 eln\u00f6ks\u00e9gi \u00fcl\u00e9st.<br><\/p>\n\n\n\n<hr class=\"wp-block-separator alignwide has-alpha-channel-opacity\"\/>\n\n\n\n<p><\/p>\n","protected":false},"excerpt":{"rendered":"<p>Bemutatkoz\u00e1s A Magyar Hadtudom\u00e1nyi T\u00e1rsas\u00e1g (MHTT) a rendszerv\u00e1ltoz\u00e1s ut\u00e1n, 1990-ben j\u00f6tt l\u00e9tre. Megalakul\u00e1skor a T\u00e1rsas\u00e1g a hadtudom\u00e1ny fejl\u0151d\u00e9s\u00e9nek szolg\u00e1lat\u00e1t, a katonai biztons\u00e1g probl\u00e9m\u00e1inak tudom\u00e1nyos vizsg\u00e1lat\u00e1t, a tudom\u00e1nyos eredm\u00e9nyek gyakorlatba val\u00f3 \u00e1t\u00fcltet\u00e9s\u00e9t, valamint a hadtudom\u00e1nnyal \u00e9s a kapcsol\u00f3d\u00f3 tudom\u00e1nyter\u00fcletekkel foglalkoz\u00f3 szakemberek \u00f6sszefog\u00e1s\u00e1t t\u0171zte ki c\u00e9lul. Mindezek szellem\u00e9ben a T\u00e1rsas\u00e1g f\u00f3rumot biztos\u00edt a T\u00e1rsas\u00e1g tagjainak ismereteik b\u0151v\u00edt\u00e9s\u00e9re, [&hellip;]<\/p>\n","protected":false},"author":1,"featured_media":0,"parent":0,"menu_order":0,"comment_status":"closed","ping_status":"closed","template":"","meta":{"footnotes":""},"class_list":["post-2","page","type-page","status-publish","hentry"],"_links":{"self":[{"href":"https:\/\/mhtt.mhttp.hu\/index.php\/wp-json\/wp\/v2\/pages\/2","targetHints":{"allow":["GET"]}}],"collection":[{"href":"https:\/\/mhtt.mhttp.hu\/index.php\/wp-json\/wp\/v2\/pages"}],"about":[{"href":"https:\/\/mhtt.mhttp.hu\/index.php\/wp-json\/wp\/v2\/types\/page"}],"author":[{"embeddable":true,"href":"https:\/\/mhtt.mhttp.hu\/index.php\/wp-json\/wp\/v2\/users\/1"}],"replies":[{"embeddable":true,"href":"https:\/\/mhtt.mhttp.hu\/index.php\/wp-json\/wp\/v2\/comments?post=2"}],"version-history":[{"count":12,"href":"https:\/\/mhtt.mhttp.hu\/index.php\/wp-json\/wp\/v2\/pages\/2\/revisions"}],"predecessor-version":[{"id":722,"href":"https:\/\/mhtt.mhttp.hu\/index.php\/wp-json\/wp\/v2\/pages\/2\/revisions\/722"}],"wp:attachment":[{"href":"https:\/\/mhtt.mhttp.hu\/index.php\/wp-json\/wp\/v2\/media?parent=2"}],"curies":[{"name":"wp","href":"https:\/\/api.w.org\/{rel}","templated":true}]}}